{"id":864,"date":"2026-05-02T16:19:27","date_gmt":"2026-05-02T16:19:27","guid":{"rendered":"https:\/\/vecinostrebaluger.com\/politiques-de-privadesa\/"},"modified":"2026-05-02T16:31:29","modified_gmt":"2026-05-02T16:31:29","slug":"politiques-de-privadesa","status":"publish","type":"page","link":"https:\/\/vecinostrebaluger.com\/ca\/politiques-de-privadesa\/","title":{"rendered":"Pol\u00edtiques de Privadesa"},"content":{"rendered":"\n<div class=\"wp-block-group alignfull has-base-2-background-color has-background has-global-padding is-layout-constrained wp-block-group-is-layout-constrained\">\n<div class=\"wp-block-columns alignwide is-layout-flex wp-container-core-columns-is-layout-28f84493 wp-block-columns-is-layout-flex\">\n<div class=\"wp-block-column is-layout-flow wp-block-column-is-layout-flow\">\n<h4 class=\"wp-block-heading\"><strong>INTRODUCCI\u00d3<\/strong><\/h4>\n\n\n\n<p>La seva privadesa \u00e9s important per a nosaltres, aix\u00ed que mitjan\u00e7ant aquest document us expliquem quines dades recopilem dels usuaris, com les utilitzem i per a qu\u00e8, entre altres indicacions. Els majors de 14 anys es poden registrar com a usuaris sense el consentiment previ dels seus pares, tutors o representants legals. En cas de menors de 14 anys o identificats com a &#8220;incapa\u00e7os legalment&#8221;, sempre necessitarem del consentiment patern, o del tutor\/ao representant legal.  <\/p>\n\n\n\n<p>Per a la vostra informaci\u00f3, mai sol\u00b7licitarem m\u00e9s informaci\u00f3 de la que realment necessitarem per als serveis requerits; mai no la compartirem amb tercers, excepte per obligaci\u00f3 legal o amb la seva autoritzaci\u00f3 pr\u00e8via; i mai no utilitzarem les seves dades per a una altra finalitat no indicada pr\u00e8viament.<\/p>\n\n\n\n<p>Com a usuari, haur\u00e0 de llegir atentament aquesta pol\u00edtica de privadesa de manera regular, i sempre que introdueixi les seves dades personals, ja que aquest document pot patir modificacions ja que el prestador pot modificar qualsevol tipus d&#8217;informaci\u00f3 que pogu\u00e9s apar\u00e8ixer a la web per complir amb la normativa o actualitzar la pol\u00edtica, i sense que existeixi l&#8217;obligaci\u00f3 de pre-avisar o posar en coneixement dels usuaris aquestes obligacions, sent<\/p>\n\n\n\n<h4 class=\"wp-block-heading\"><strong>RESPONSABLE DEL TRACTAMENT<\/strong><\/h4>\n\n\n\n<p><strong>Identitat: ASSOCIACI\u00d3 VE\u00cfNS CASERIO TREBALUGER<\/strong> (tamb\u00e9 el prestador)<\/p>\n\n\n\n<p><strong>NIF:<\/strong> G57339806<\/p>\n\n\n\n<p><strong>Adre\u00e7a postal:<\/strong> CMNO. RAFALET, URB. TREBALUGER, 23, ES CASTELL, 07720  <\/p>\n\n\n\n<p><strong>Correu electr\u00f2nic:<\/strong> TREBELUGER@GMAIL.COM  <\/p>\n\n\n\n<p><strong>ASSOCIACI\u00d3 VE\u00cfNS CASERIO TREBALUGER<\/strong> , com a responsable del Lloc web, de conformitat amb el que disposa el Reglament (UE) 2016\/679 de 27 d&#8217;abril de 2016 (RGPD), Llei Org\u00e0nica 3\/2018 de 5 de desembre (LOPDGDD) i la resta de normativa legal vigent en mat\u00e8ria de protecci\u00f3 de 11 de juliol, de Serveis de la Societat de la Informaci\u00f3 i del Comer\u00e7 Electr\u00f2nic (LSSICE), us informa que t\u00e9 implementades les mesures de seguretat necess\u00e0ries, d&#8217;\u00edndole t\u00e8cnica i organitzatives, per garantir i protegir la confidencialitat, integritat i disponibilitat de les dades introdu\u00efdes.<\/p>\n\n\n\n<p><strong>M\u00c8TODE D&#8217;OBTENCI\u00d3 DE LES DADES i DADES QUE RECAPTEM:<\/strong> Les dades que recollim i com les obtenim \u00e9s la seg\u00fcent:<\/p>\n\n\n\n<p>1. mitjan\u00e7ant el <strong>formulari de contacte<\/strong> : nom, email, edat, tel\u00e8fon,  <\/p>\n\n\n\n<p>2. mitjan\u00e7ant el <strong>formulari de registre<\/strong> : nom, email, edat  <\/p>\n\n\n\n<p>3. mitjan\u00e7ant el <strong>formulari de subscripci\u00f3 a la newsletter<\/strong> : nom, email,<\/p>\n\n\n\n<p>4. mitjan\u00e7ant la <strong>subscripci\u00f3 al f\u00f2rum i\/o comentaris<\/strong> al mateix: nom, email,<\/p>\n\n\n\n<p>5. mitjan\u00e7ant el formulari de recollida de dades per a l&#8217;ecommerce: nom, adre\u00e7a, email, edat, tel\u00e8fon, dades banc\u00e0ries o informaci\u00f3 sobre una targeta de cr\u00e8dit o de d\u00e8bit<\/p>\n\n\n\n<p>No es tracten categories de dades especialment protegides.<\/p>\n\n\n\n<h4 class=\"wp-block-heading\"><strong>FINALITAT DEL TRACTAMENT<\/strong><\/h4>\n\n\n\n<p>Les vostres dades personals nom\u00e9s s&#8217;utilitzaran per a les seg\u00fcents finalitats, prestant el vostre consentiment per a cadascuna de les finalitats a l&#8217;apartat corresponent de la web:<\/p>\n\n\n\n<p>1. <strong>formulari de contacte:<\/strong> per respondre a les consultes i\/o proporcionar informacions requerides per a l&#8217;Usuari;<\/p>\n\n\n\n<p>2. <strong>formulari de registre<\/strong> : per a la creaci\u00f3 d&#8217;un compte d&#8217;usuari i pugueu accedir a les funcionalitats de la web;<\/p>\n\n\n\n<p>3. <strong>formulari de subscripci\u00f3 a la newsletter<\/strong> : per remetre les comunicacions comercials publicit\u00e0ries per email, SMS, comunitats socials o qualsevol altre mitj\u00e0 electr\u00f2nic o f\u00edsic, en cas que l&#8217;Usuari ho hagi consentit expressament;<\/p>\n\n\n\n<p>4. <strong>subscripci\u00f3 al f\u00f2rum i\/o comentaris<\/strong> al mateix: quan l&#8217;usuari s&#8217;hagi donat d&#8217;alta al f\u00f2rum, podr\u00e0 comentar dins del f\u00f2rum, tant per plantejar q\u00fcestions com per respondre preguntes;<\/p>\n\n\n\n<p>5. <strong>Si contracta el servei\/compra<\/strong> el producte a trav\u00e9s de la nostra p\u00e0gina web HTTPS:\/\/VECINOSTREBALUGER.COM li demanarem que ens proporcioni informaci\u00f3 sobre vost\u00e8, inclosos el seu nom, dades de contacte i informaci\u00f3 sobre una targeta de cr\u00e8dit o de d\u00e8bit.<\/p>\n\n\n\n<p>6. Altres finalitats:  <\/p>\n\n\n\n<p>o Realitzar les gestions comercials, administratives, fiscals, comptables que siguin necess\u00e0ries en virtut de la legislaci\u00f3 vigent;<\/p>\n\n\n\n<p>o Con\u00e8ixer la seva opini\u00f3 i millorar els serveis prestats per la web;<\/p>\n\n\n\n<p>o Realitzaci\u00f3 d&#8217;an\u00e0lisi de perfils i d&#8217;usabilitat de la web, a trav\u00e9s de les galetes (esmentades a la pol\u00edtica de galetes);<\/p>\n\n\n\n<p>o Xarxes socials: a l&#8217;apartat corresponent s&#8217;especifica l&#8217;\u00fas de les xarxes socials.<\/p>\n\n\n\n<p>\u00das de Fotografies: Les fotografies que estiguin penjades a la web s\u00f3n propietat d&#8217;ASSOCIACI\u00d3 VE\u00cfNS CASERIO TREBALUGER , incloent-hi les dels menors, en les quals, per a l&#8217;obtenci\u00f3 d&#8217;aquestes, s&#8217;ha obtingut el consentiment previ dels pares, tutors o representants legals mitjan\u00e7ant la signatura dels formularis realitzats per a aquest efecte. Aix\u00f2 no obstant, els pares, tutors o representants dels menors, com a titulars de l&#8217;exercici dels drets d&#8217;aquests, i sempre amb el requeriment formal previ per escrit, poden indicar la negativa a l&#8217;\u00fas de la imatge del menor; en aquest cas, la imatge es mostrar\u00e0 pixelada <\/p>\n\n\n\n<p>Podeu revocar en qualsevol moment el vostre consentiment remetent un escrit amb l&#8217;assumpte &#8220;Baixa&#8221; al mail ressenyat.<\/p>\n\n\n\n<p>D&#8217;acord amb la LSSICE, ASSOCIACI\u00d3 VE\u00cfNS CASERIO TREBALUGER no realitza pr\u00e0ctiques de SPAM, per tant, no envia correus comercials per correu electr\u00f2nic que no hagin estat pr\u00e8viament sol\u00b7licitats o autoritzats per l&#8217;Usuari. En conseq\u00fc\u00e8ncia, a totes les comunicacions que rebr\u00e0 del prestador, l&#8217;usuari t\u00e9 la possibilitat de revocar el seu consentiment expr\u00e9s per rebre les nostres comunicacions. <\/p>\n\n\n\n<p>No tractarem les vostres dades personals per a cap altra finalitat de les descrites excepte per obligaci\u00f3 legal o requeriment judicial.<\/p>\n\n\n\n<p>No ser\u00e0 objecte de decisions basades en tractaments automatitzats que produeixin efectes sobre les vostres dades.<\/p>\n\n\n\n<h4 class=\"wp-block-heading\"><strong>LEGITIMACI\u00d3 DEL TRACTAMENT<\/strong><\/h4>\n\n\n\n<p>La base legal per al tractament de les dades \u00e9s el seu consentiment atorgat en el moment de donar les dades al formulari corresponent per dur a terme les finalitats, en el moment de marcaci\u00f3 de la casella de verificaci\u00f3.<\/p>\n\n\n\n<p>L&#8217;oferta prospectiva o comercial de productes i serveis est\u00e0 basada en el consentiment que se us demana, sense que en cap cas la retirada d&#8217;aquest consentiment condicioni l&#8217;execuci\u00f3 del contracte de subscripci\u00f3.<\/p>\n\n\n\n<p>No facilitar les dades personals sol\u00b7licitades o no acceptar aquesta pol\u00edtica de privadesa suposa la impossibilitat d&#8217;aconseguir les finalitats anteriorment descrites.<\/p>\n\n\n\n<p>En els casos en qu\u00e8 hi hagi una relaci\u00f3 contractual pr\u00e8via entre les parts, la legitimaci\u00f3 per al desenvolupament de les obligacions administratives, fiscals i comptables que siguin necess\u00e0ries en virtut de la legislaci\u00f3 vigent \u00e9s l&#8217; <strong>exist\u00e8ncia pr\u00e8via de la relaci\u00f3 comercial<\/strong> establerta entre les parts.<\/p>\n\n\n\n<h4 class=\"wp-block-heading\"><strong>TERMINI DE CONSERVACI\u00d3 DE LES DADES:<\/strong><\/h4>\n\n\n\n<p>Les vostres dades es conservaran mentre duri la relaci\u00f3 comercial amb nosaltres o exerceix el vostre dret de cancel\u00b7laci\u00f3, oposici\u00f3 o revocaci\u00f3 del consentiment. Tot i haver exercit els seus drets de forma correcta, haurem de conservar degudament bloquejades les seves dades mentre durin els terminis legalment previstos a les disposicions aplicables. <\/p>\n\n\n\n<h4 class=\"wp-block-heading\"><strong>DESTINATARIS DE CESSIONS O TRANSFER\u00c8NCIES:<\/strong><\/h4>\n\n\n\n<p>ASSOCIACI\u00d3 VE\u00cfNS CASERIO TREBALUGER no duu a terme cap cessi\u00f3 o comunicaci\u00f3 de dades ni dins ni fora de la UE. El prestador \u00fanicament facilitar\u00e0 informaci\u00f3 a les forces i cossos de seguretat sota ordre judicial o per obligaci\u00f3 d&#8217;una norma legal, sense perjudici de poder bloquejar o cancel\u00b7lar el vostre compte si hi pot haver indicis de la comissi\u00f3 d&#8217;algun delicte per part de l&#8217;usuari. La informaci\u00f3 facilitada ser\u00e0 nom\u00e9s la que disposi en aquell moment el prestador.  <\/p>\n\n\n\n<p>La informaci\u00f3 que ens proporcioneu tant a trav\u00e9s d&#8217;aquest lloc web ser\u00e0 allotjada als servidors d&#8217;ASSOCIACI\u00d3 VE\u00cfNS CASERIO TREBALUGER , contractats a l&#8217;empresa que presta el servei d&#8217;allotjament de la web. El tractament de les dades de l&#8217;entitat est\u00e0 regulat mitjan\u00e7ant un contracte d&#8217;encarregat del tractament entre el prestador i aquesta empresa.   <\/p>\n\n\n\n<h4 class=\"wp-block-heading\"><strong>DRETS DE LES PERSONES INTERESSADES:<\/strong><\/h4>\n\n\n\n<p>Com a usuari-interessat, pot sol\u00b7licitar l&#8217;exercici dels seg\u00fcents drets davant ASSOCIACI\u00d3 VE\u00cfNS CASERIO TREBALUGER presentant un escrit a l&#8217;adre\u00e7a postal de l&#8217;encap\u00e7alament o enviant un correu electr\u00f2nic a TREBELUGER@GMAIL.COM , indicant com a Assumpte: &#8220;PROTECCI\u00d3 DE DADES: dret, tal com indica la llei.<\/p>\n\n\n\n<p>Drets:<\/p>\n\n\n\n<p>\u2022 <strong>Dret d&#8217;acc\u00e9s<\/strong> : permet a l&#8217;interessat con\u00e8ixer i obtenir informaci\u00f3 sobre les vostres dades de car\u00e0cter personal sotmeses a tractament.<\/p>\n\n\n\n<p>\u2022 <strong>Dret de rectificaci\u00f3 o supressi\u00f3<\/strong> : permet corregir errors i modificar les dades que resultin ser inexactes o incomplets<\/p>\n\n\n\n<p>\u2022 <strong>Dret de cancel\u00b7laci\u00f3<\/strong> : permet que se suprimeixin les dades que siguin inadequades o excessives<\/p>\n\n\n\n<p>\u2022 <strong>Dret d&#8217;oposici\u00f3<\/strong> : dret de l&#8217;interessat que no es dugui a terme el tractament de les vostres dades de car\u00e0cter personal o s&#8217;hi cessi.  <\/p>\n\n\n\n<p>\u2022 <strong>Limitaci\u00f3 del tractament<\/strong> : comporta el marcatge de les dades personals conservades, per tal de limitar-ne el futur tractament, per a l&#8217;exercici o la defensa de reclamacions.<\/p>\n\n\n\n<p>\u2022 <strong>Portabilitat de les dades<\/strong> : facilitaci\u00f3 de les dades objecte de tractament a l&#8217;interessat, perqu\u00e8 aquest pugui transmetre a un altre responsable, sense impediments.<\/p>\n\n\n\n<p>\u2022 <strong>Dret a no ser objecte de decisions individuals automatitzades (inclosa l&#8217;elaboraci\u00f3 de perfils):<\/strong> dret a no ser objecte d&#8217;una decisi\u00f3 basada en el tractament automatitzat que produeixi efectes o afecti significativament<\/p>\n\n\n\n<p>Com a usuari, teniu dret a retirar el consentiment donat en qualsevol moment. La retirada del consentiment no afecta la licitud del tractament efectuat abans de la retirada del consentiment. <\/p>\n\n\n\n<p>Tamb\u00e9 t\u00e9 dret a presentar una reclamaci\u00f3 davant l&#8217;autoritat de control si considera que els seus drets s&#8217;han vist vulnerats en relaci\u00f3 amb la protecci\u00f3 de les seves dades (www.aepd.es).<\/p>\n\n\n\n<h4 class=\"wp-block-heading\"><strong>MESURES DE SEGURETAT:<\/strong><\/h4>\n\n\n\n<p>Les dades que ens faciliti es tractaran de manera confidencial. El prestador ha adoptat totes les mesures t\u00e8cniques i organitzatives i tots els nivells de protecci\u00f3 necessaris per garantir la seguretat en el tractament de les dades i evitar-ne l&#8217;alteraci\u00f3, la p\u00e8rdua, el robatori, el tractament o l&#8217;acc\u00e9s no autoritzat, d&#8217;acord amb l&#8217;estat de la tecnologia i la naturalesa de les dades emmagatzemades. Aix\u00ed mateix, es garanteix tamb\u00e9 que el tractament i registre en fitxers, programes, sistemes o equips, locals i centres compleixen els requisits i les condicions d&#8217;integritat i seguretat establertes a la normativa vigent.  <\/p>\n\n\n\n<h4 class=\"wp-block-heading\"><strong>IDIOMA<\/strong><\/h4>\n\n\n\n<p>L&#8217;idioma aplicable a aquesta pol\u00edtica de privadesa \u00e9s el castell\u00e0. Per tant, en cas que hi hagu\u00e9s alguna contradicci\u00f3 en alguna de les versions facilitades en altres idiomes, prevaldr\u00e0 la versi\u00f3 en catal\u00e0. <\/p>\n\n\n\n<h4 class=\"wp-block-heading\"><strong>AN\u00c0LISI DE PERFILS<\/strong><\/h4>\n\n\n\n<p>La informaci\u00f3 facilitada en els diferents formularis, durant la interacci\u00f3 amb la web i qualsevol altra dada facilitada durant la navegaci\u00f3, incloent-hi la informaci\u00f3 subministrada per les galetes en relaci\u00f3 als h\u00e0bits de navegaci\u00f3, comporta l&#8217;acceptaci\u00f3 al tractament d&#8217;aquestes dades, per tal de ser segmentades o categoritzades per tal d&#8217;aplicar-les a l&#8217;activitat relacionada amb la gesti\u00f3 d&#8217;administraci\u00f3 general, informaci\u00f3, informaci\u00f3 sol\u00b7licitades pels usuaris\/clients, estudi estad\u00edstic dels serveis i continguts utilitzats, gustos i prefer\u00e8ncies, enquestes o formularis. Les dades utilitzades en l&#8217;elaboraci\u00f3 d&#8217;aquests perfils no s\u00f3n dades que permetin identificar els usuaris sin\u00f3 que nom\u00e9s mostren en una gr\u00e0fica el tipus de p\u00fablic que interactua amb la web, l&#8217;edat, el pa\u00eds, el g\u00e8nere, etc. <\/p>\n\n\n\n<p>L&#8217;usuari que accedeixi a aquest web, consenteix expl\u00edcitament la utilitzaci\u00f3 d&#8217;aquesta informaci\u00f3 gen\u00e8rica per a tasques d&#8217;elaboraci\u00f3 de perfils, segmentaci\u00f3 i categoritzaci\u00f3 de dades per a les finalitats descrites a l&#8217;apartat anterior.<\/p>\n\n\n\n<h4 class=\"wp-block-heading\"><strong>XARXES SOCIALS<\/strong><\/h4>\n\n\n\n<p>Us informem que ASSOCIACI\u00d3 VE\u00cfNS CASERIO TREBALUGER pot tenir pres\u00e8ncia a xarxes socials. El tractament de les dades que es dugui a terme de les persones que es facin seguidores a les xarxes socials (i\/o realitzin qualsevol vincle o acci\u00f3 de connexi\u00f3 a trav\u00e9s de les xarxes socials) de les p\u00e0gines oficials d&#8217;ASSOCIACI\u00d3 VE\u00cfNS CASERIO TREBALUGER es regir\u00e0 per aquest apartat, aix\u00ed com per a aquelles condicions d&#8217;\u00fas, pol\u00edtiques de privadesa cada cas i acceptades pr\u00e8viament per lusuari. <\/p>\n\n\n\n<p>ASSOCIACI\u00d3 VE\u00cfNS CASERIO TREBALUGER tractar\u00e0 les vostres dades amb les finalitats d&#8217;administrar correctament la vostra pres\u00e8ncia a la xarxa social, informant d&#8217;activitats, productes o serveis del prestador, aix\u00ed com per a qualsevol altra finalitat que les normatives de les Xarxes Socials permetin.<\/p>\n\n\n\n<p>Queda prohibida la publicaci\u00f3 de continguts:<\/p>\n\n\n\n<p>&#8211; Que siguin presumptament il\u00b7l\u00edcits per la normativa nacional, comunit\u00e0ria o internacional o que facin activitats presumptament il\u00b7l\u00edcites o contravinguin els principis de la bona fe.<\/p>\n\n\n\n<p>&#8211; Que atemptin contra els drets fonamentals de les persones, faltin a la cortesia a la xarxa, molestin o puguin generar opinions negatives en els nostres usuaris o tercers i en general qualssevol siguin els continguts que ASSOCIACI\u00d3 VE\u00cfNS CASERIO TREBALUGER consideri inadequats.<\/p>\n\n\n\n<p>&#8211; I en general que contravinguin els principis de legalitat, honradesa, responsabilitat, protecci\u00f3 de la dignitat humana, protecci\u00f3 de menors, protecci\u00f3 de l&#8217;ordre p\u00fablic, la protecci\u00f3 de la vida privada, la protecci\u00f3 del consumidor i els drets de propietat intel\u00b7ligent i industrial.<\/p>\n\n\n\n<p>Aix\u00ed mateix, ASSOCIACI\u00d3 VE\u00cfNS CASERIO TREBALUGER es reserva la potestat de retirar, sense av\u00eds previ del lloc web o de la xarxa social corporativa aquells continguts que es consideren inadequats.<\/p>\n\n\n\n<p>En tot cas, si remet informaci\u00f3 personal a trav\u00e9s de la xarxa social, ASSOCIACI\u00d3 VE\u00cfNS CASERIO TREBALUGER quedar\u00e0 exempt de responsabilitat en relaci\u00f3 amb les mesures de seguretat aplicables a aquesta plataforma i l&#8217;usuari, en cas de voler-les con\u00e8ixer, ha de consultar les corresponents condicions particulars de la xarxa en q\u00fcesti\u00f3.<\/p>\n\n\n\n<h4 class=\"wp-block-heading\"><strong>ENVIAMENT CV<\/strong><\/h4>\n\n\n\n<p>En cas que l&#8217;usuari envi\u00ef el seu CV a trav\u00e9s del nostre web, se us informa que les dades aportades seran tractades per fer-lo part\u00edcip dels processos de selecci\u00f3 que hi pugui haver, duent a terme una an\u00e0lisi del perfil del sol\u00b7licitant amb l&#8217;objectiu de seleccionar el millor candidat per al lloc vacant del Responsable. Informem que aquest \u00e9s l&#8217;\u00fanic procediment oficial per acceptar el vostre curr\u00edculum, per la qual cosa no s&#8217;acceptaran els curr\u00edculums remesos per un altre procediment diferent. En cas de produir-se alguna modificaci\u00f3 en les dades, us preguem ens ho comuniqueu per escrit al m\u00e9s aviat possible, a fi de mantenir les vostres dades degudament actualitzades.  <\/p>\n\n\n\n<p>Les dades es conservaran durant un termini m\u00e0xim d&#8217;un any transcorregut el qual es procedir\u00e0 a la supressi\u00f3 de les dades garantint un total respecte a la confidencialitat tant en el tractament com en la destrucci\u00f3 posterior. En aquest sentit, transcorregut aquest termini, i si voleu continuar participant en els processos de selecci\u00f3 del Responsable, us preguem que ens remeti novament el vostre curr\u00edculum. <\/p>\n\n\n\n<p>Les dades es podran tractar i\/o comunicar a les empreses integrants del nostre grup durant el temps de conservaci\u00f3 del seu curr\u00edculum i per a les mateixes finalitats abans informades.<\/p>\n\n\n\n<h4 class=\"wp-block-heading\"><strong>SUBSCRIPCI\u00d3 AL BLOC<\/strong><\/h4>\n\n\n\n<p>En cas que l&#8217;usuari se subscrigui al bloc, us informem que les dades aportades seran tractades per gestionar la vostra subscripci\u00f3 al bloc informatiu amb av\u00eds d&#8217;actualitzaci\u00f3 i que es conservaran mentre hi hagi un inter\u00e8s mutu per mantenir la fi del tractament. Quan ja no sigui necessari per a aquest fi, se suprimiran amb mesures de seguretat adequades per garantir la pseudonimitzaci\u00f3 de les dades o destrucci\u00f3 total d&#8217;aquestes. No es comunicaran les dades a tercers, tret d&#8217;obligaci\u00f3 legal.  <\/p>\n\n\n\n<h4 class=\"wp-block-heading\"><strong>PARTICIPACI\u00d3 EN F\u00d2RUMS<\/strong><\/h4>\n\n\n\n<p>En cas que l&#8217;usuari vulgui participar als f\u00f2rums de la web, us informem que les dades aportades seran tractades per regular la participaci\u00f3 al f\u00f2rum. Qualsevol registre o transmissi\u00f3 de dades personals que l&#8217;usuari d&#8217;aquest f\u00f2rum faciliti suposa el coneixement i l&#8217;acceptaci\u00f3 inequ\u00edvoca de l&#8217;Av\u00eds legal i la Pol\u00edtica de Privadesa exposats a la p\u00e0gina web. Les dades es conservaran mentre hi hagi un inter\u00e8s mutu per mantenir la fi del tractament i quan ja no sigui necessari per a tal fi, se suprimiran amb mesures de seguretat adequades per garantir la pseudonimitzaci\u00f3 de les dades (si escau) o destrucci\u00f3 total d&#8217;aquestes. Les publicacions es mostraran p\u00fablicament als usuaris del f\u00f2rum en l\u00ednia.   <\/p>\n\n\n\n<p>ASSOCIACI\u00d3 VE\u00cfNS CASERIO TREBALUGER no es fa responsable de qualsevol contingut publicat al f\u00f2rum introdu\u00eft per qualsevol usuari registrat. El contingut publicat nom\u00e9s expressa el punt de vista del vostre autor. L&#8217;autor del comentari accepta no utilitzar aquest bloc per publicar o enlla\u00e7ar continguts difamatoris, abusius, d&#8217;odi, amena\u00e7adors, ofensius, abusius, spam o an\u00e0leg, de contingut per a adults o que infringeixin els drets d&#8217;autor o la llei i l&#8217;ordre p\u00fablic en general. Si els comentaris pujats, segons el parer dels moderadors, entenen que poden perjudicar i\/o vulnerar drets de tercers o la llei, podran ser eliminats sense explicaci\u00f3.   <\/p>\n\n\n\n<h4 class=\"wp-block-heading\"><strong>PUBLICACI\u00d3 DEL SEU TESTIMONI<\/strong><\/h4>\n\n\n\n<p>En cas que l&#8217;usuari vulgui publicar la seva opini\u00f3 a la web, us informem que les dades aportades seran tractades per atendre els suggeriments proposats, experi\u00e8ncies o opinions respecte dels productes i\/o serveis per ser publicats a la p\u00e0gina web i aix\u00ed poder ajudar a altres usuaris. Les dades es conservaran mentre hi hagi un inter\u00e8s mutu per mantenir la fi del tractament i quan ja no sigui necessari amb aquesta finalitat, se suprimiran amb mesures de seguretat adequades per garantir la pseudonimitzaci\u00f3 de les dades o destrucci\u00f3 total d&#8217;aquestes. Els testimonis es publicaran a la nostra p\u00e0gina web. L\u00fanica dada personal que es publicar\u00e0 del testimoni ser\u00e0 el seu nom.   <\/p>\n\n\n\n<h4 class=\"wp-block-heading\"><strong>CANVIS A LA PRESENT POL\u00cdTICA DE PRIVACITAT<\/strong><\/h4>\n\n\n\n<p>ASSOCIACI\u00d3 VE\u00cfNS CASERIO TREBALUGER es reserva el dret a modificar aquesta pol\u00edtica per adaptar-la a novetats legislatives o jurisprudencials.<\/p>\n\n\n\n<h4 class=\"wp-block-heading\"><strong>REVOCABILITAT<\/strong><\/h4>\n\n\n\n<p>El consentiment prestat, tant pel tractament com per a la cessi\u00f3 de les dades dels interessats, \u00e9s revocable en qualsevol moment comunicant-ho a ASSOCIACI\u00d3 VE\u00cfNS CASERIO TREBALUGER en els termes establerts en aquesta Pol\u00edtica per a l&#8217;exercici dels drets. Aquesta revocaci\u00f3 en cap cas no t\u00e9 car\u00e0cter retroactiu. <\/p>\n\n\n\n<h4 class=\"wp-block-heading\"><strong>LEGISLACI\u00d3<\/strong><\/h4>\n\n\n\n<p>Amb car\u00e0cter general les relacions entre ASSOCIACI\u00d3 VE\u00cfNS CASERIO TREBALUGER amb els Usuaris dels seus serveis telem\u00e0tics, presents en aquesta web, estan sotmesos a la legislaci\u00f3 i jurisdicci\u00f3 espanyola a qu\u00e8 se sotmeten expressament les parts, sent competents per a la resoluci\u00f3 de tots els conflictes derivats o relacionats amb el seu \u00fas els Jutjats i Tribunals de Balears.<\/p>\n\n\n\n<p>Amb car\u00e0cter general les relacions entre ASSOCIACI\u00d3 VE\u00cfNS CASERIO TREBALUGER amb els Usuaris dels seus serveis telem\u00e0tics, presents en aquesta web, estan sotmesos a la legislaci\u00f3 i jurisdicci\u00f3 espanyola a qu\u00e8 se sotmeten expressament les parts, sent competents per a la resoluci\u00f3 de tots els conflictes derivats o relacionats amb el seu \u00fas els Jutjats i Tribunals de Balears.<\/p>\n<\/div>\n<\/div>\n<\/div>\n","protected":false},"excerpt":{"rendered":"<p>INTRODUCCI\u00d3 La seva privadesa \u00e9s important per a nosaltres, aix\u00ed que mitjan\u00e7ant aquest document us expliquem quines dades recopilem dels usuaris, com les utilitzem i per a qu\u00e8, entre altres indicacions. Els majors de 14 anys es poden registrar com a usuaris sense el consentiment previ dels seus pares, tutors o representants legals. En cas [&hellip;]<\/p>\n","protected":false},"author":4,"featured_media":0,"parent":0,"menu_order":0,"comment_status":"closed","ping_status":"closed","template":"","meta":{"om_disable_all_campaigns":false,"_monsterinsights_skip_tracking":false,"_monsterinsights_sitenote_active":false,"_monsterinsights_sitenote_note":"","_monsterinsights_sitenote_category":0,"footnotes":""},"class_list":["post-864","page","type-page","status-publish","hentry"],"yoast_head":"<!-- This site is optimized with the Yoast SEO plugin v27.5 - https:\/\/yoast.com\/product\/yoast-seo-wordpress\/ -->\n<title>Pol\u00edtiques de Privadesa -<\/title>\n<meta name=\"robots\" content=\"index, follow, max-snippet:-1, max-image-preview:large, max-video-preview:-1\" \/>\n<link rel=\"canonical\" href=\"https:\/\/vecinostrebaluger.com\/ca\/politiques-de-privadesa\/\" \/>\n<meta property=\"og:locale\" content=\"ca_ES\" \/>\n<meta property=\"og:type\" content=\"article\" \/>\n<meta property=\"og:title\" content=\"Pol\u00edtiques de Privadesa -\" \/>\n<meta property=\"og:description\" content=\"INTRODUCCI\u00d3 La seva privadesa \u00e9s important per a nosaltres, aix\u00ed que mitjan\u00e7ant aquest document us expliquem quines dades recopilem dels usuaris, com les utilitzem i per a qu\u00e8, entre altres indicacions. Els majors de 14 anys es poden registrar com a usuaris sense el consentiment previ dels seus pares, tutors o representants legals. En cas [&hellip;]\" \/>\n<meta property=\"og:url\" content=\"https:\/\/vecinostrebaluger.com\/ca\/politiques-de-privadesa\/\" \/>\n<meta property=\"article:modified_time\" content=\"2026-05-02T16:31:29+00:00\" \/>\n<meta name=\"twitter:card\" content=\"summary_large_image\" \/>\n<meta name=\"twitter:label1\" content=\"Temps estimat de lectura\" \/>\n\t<meta name=\"twitter:data1\" content=\"15 minuts\" \/>\n<script type=\"application\/ld+json\" class=\"yoast-schema-graph\">{\"@context\":\"https:\\\/\\\/schema.org\",\"@graph\":[{\"@type\":\"WebPage\",\"@id\":\"https:\\\/\\\/vecinostrebaluger.com\\\/ca\\\/politiques-de-privadesa\\\/\",\"url\":\"https:\\\/\\\/vecinostrebaluger.com\\\/ca\\\/politiques-de-privadesa\\\/\",\"name\":\"Pol\u00edtiques de Privadesa -\",\"isPartOf\":{\"@id\":\"https:\\\/\\\/vecinostrebaluger.com\\\/ca\\\/#website\"},\"datePublished\":\"2026-05-02T16:19:27+00:00\",\"dateModified\":\"2026-05-02T16:31:29+00:00\",\"breadcrumb\":{\"@id\":\"https:\\\/\\\/vecinostrebaluger.com\\\/ca\\\/politiques-de-privadesa\\\/#breadcrumb\"},\"inLanguage\":\"ca\",\"potentialAction\":[{\"@type\":\"ReadAction\",\"target\":[\"https:\\\/\\\/vecinostrebaluger.com\\\/ca\\\/politiques-de-privadesa\\\/\"]}]},{\"@type\":\"BreadcrumbList\",\"@id\":\"https:\\\/\\\/vecinostrebaluger.com\\\/ca\\\/politiques-de-privadesa\\\/#breadcrumb\",\"itemListElement\":[{\"@type\":\"ListItem\",\"position\":1,\"name\":\"Portada\",\"item\":\"https:\\\/\\\/vecinostrebaluger.com\\\/ca\\\/inici\\\/\"},{\"@type\":\"ListItem\",\"position\":2,\"name\":\"Pol\u00edtiques de Privadesa\"}]},{\"@type\":\"WebSite\",\"@id\":\"https:\\\/\\\/vecinostrebaluger.com\\\/ca\\\/#website\",\"url\":\"https:\\\/\\\/vecinostrebaluger.com\\\/ca\\\/\",\"name\":\"Vecinos Trebaluger\",\"description\":\"\",\"publisher\":{\"@id\":\"https:\\\/\\\/vecinostrebaluger.com\\\/ca\\\/#organization\"},\"potentialAction\":[{\"@type\":\"SearchAction\",\"target\":{\"@type\":\"EntryPoint\",\"urlTemplate\":\"https:\\\/\\\/vecinostrebaluger.com\\\/ca\\\/?s={search_term_string}\"},\"query-input\":{\"@type\":\"PropertyValueSpecification\",\"valueRequired\":true,\"valueName\":\"search_term_string\"}}],\"inLanguage\":\"ca\"},{\"@type\":\"Organization\",\"@id\":\"https:\\\/\\\/vecinostrebaluger.com\\\/ca\\\/#organization\",\"name\":\"Vecinos Trebaluger\",\"url\":\"https:\\\/\\\/vecinostrebaluger.com\\\/ca\\\/\",\"logo\":{\"@type\":\"ImageObject\",\"inLanguage\":\"ca\",\"@id\":\"https:\\\/\\\/vecinostrebaluger.com\\\/ca\\\/#\\\/schema\\\/logo\\\/image\\\/\",\"url\":\"https:\\\/\\\/vecinostrebaluger.com\\\/wp-content\\\/uploads\\\/2024\\\/02\\\/logo-horizontal-1.png\",\"contentUrl\":\"https:\\\/\\\/vecinostrebaluger.com\\\/wp-content\\\/uploads\\\/2024\\\/02\\\/logo-horizontal-1.png\",\"width\":303,\"height\":75,\"caption\":\"Vecinos Trebaluger\"},\"image\":{\"@id\":\"https:\\\/\\\/vecinostrebaluger.com\\\/ca\\\/#\\\/schema\\\/logo\\\/image\\\/\"}}]}<\/script>\n<!-- \/ Yoast SEO plugin. -->","yoast_head_json":{"title":"Pol\u00edtiques de Privadesa -","robots":{"index":"index","follow":"follow","max-snippet":"max-snippet:-1","max-image-preview":"max-image-preview:large","max-video-preview":"max-video-preview:-1"},"canonical":"https:\/\/vecinostrebaluger.com\/ca\/politiques-de-privadesa\/","og_locale":"ca_ES","og_type":"article","og_title":"Pol\u00edtiques de Privadesa -","og_description":"INTRODUCCI\u00d3 La seva privadesa \u00e9s important per a nosaltres, aix\u00ed que mitjan\u00e7ant aquest document us expliquem quines dades recopilem dels usuaris, com les utilitzem i per a qu\u00e8, entre altres indicacions. Els majors de 14 anys es poden registrar com a usuaris sense el consentiment previ dels seus pares, tutors o representants legals. En cas [&hellip;]","og_url":"https:\/\/vecinostrebaluger.com\/ca\/politiques-de-privadesa\/","article_modified_time":"2026-05-02T16:31:29+00:00","twitter_card":"summary_large_image","twitter_misc":{"Temps estimat de lectura":"15 minuts"},"schema":{"@context":"https:\/\/schema.org","@graph":[{"@type":"WebPage","@id":"https:\/\/vecinostrebaluger.com\/ca\/politiques-de-privadesa\/","url":"https:\/\/vecinostrebaluger.com\/ca\/politiques-de-privadesa\/","name":"Pol\u00edtiques de Privadesa -","isPartOf":{"@id":"https:\/\/vecinostrebaluger.com\/ca\/#website"},"datePublished":"2026-05-02T16:19:27+00:00","dateModified":"2026-05-02T16:31:29+00:00","breadcrumb":{"@id":"https:\/\/vecinostrebaluger.com\/ca\/politiques-de-privadesa\/#breadcrumb"},"inLanguage":"ca","potentialAction":[{"@type":"ReadAction","target":["https:\/\/vecinostrebaluger.com\/ca\/politiques-de-privadesa\/"]}]},{"@type":"BreadcrumbList","@id":"https:\/\/vecinostrebaluger.com\/ca\/politiques-de-privadesa\/#breadcrumb","itemListElement":[{"@type":"ListItem","position":1,"name":"Portada","item":"https:\/\/vecinostrebaluger.com\/ca\/inici\/"},{"@type":"ListItem","position":2,"name":"Pol\u00edtiques de Privadesa"}]},{"@type":"WebSite","@id":"https:\/\/vecinostrebaluger.com\/ca\/#website","url":"https:\/\/vecinostrebaluger.com\/ca\/","name":"Vecinos Trebaluger","description":"","publisher":{"@id":"https:\/\/vecinostrebaluger.com\/ca\/#organization"},"potentialAction":[{"@type":"SearchAction","target":{"@type":"EntryPoint","urlTemplate":"https:\/\/vecinostrebaluger.com\/ca\/?s={search_term_string}"},"query-input":{"@type":"PropertyValueSpecification","valueRequired":true,"valueName":"search_term_string"}}],"inLanguage":"ca"},{"@type":"Organization","@id":"https:\/\/vecinostrebaluger.com\/ca\/#organization","name":"Vecinos Trebaluger","url":"https:\/\/vecinostrebaluger.com\/ca\/","logo":{"@type":"ImageObject","inLanguage":"ca","@id":"https:\/\/vecinostrebaluger.com\/ca\/#\/schema\/logo\/image\/","url":"https:\/\/vecinostrebaluger.com\/wp-content\/uploads\/2024\/02\/logo-horizontal-1.png","contentUrl":"https:\/\/vecinostrebaluger.com\/wp-content\/uploads\/2024\/02\/logo-horizontal-1.png","width":303,"height":75,"caption":"Vecinos Trebaluger"},"image":{"@id":"https:\/\/vecinostrebaluger.com\/ca\/#\/schema\/logo\/image\/"}}]}},"_links":{"self":[{"href":"https:\/\/vecinostrebaluger.com\/ca\/wp-json\/wp\/v2\/pages\/864","targetHints":{"allow":["GET"]}}],"collection":[{"href":"https:\/\/vecinostrebaluger.com\/ca\/wp-json\/wp\/v2\/pages"}],"about":[{"href":"https:\/\/vecinostrebaluger.com\/ca\/wp-json\/wp\/v2\/types\/page"}],"author":[{"embeddable":true,"href":"https:\/\/vecinostrebaluger.com\/ca\/wp-json\/wp\/v2\/users\/4"}],"replies":[{"embeddable":true,"href":"https:\/\/vecinostrebaluger.com\/ca\/wp-json\/wp\/v2\/comments?post=864"}],"version-history":[{"count":2,"href":"https:\/\/vecinostrebaluger.com\/ca\/wp-json\/wp\/v2\/pages\/864\/revisions"}],"predecessor-version":[{"id":898,"href":"https:\/\/vecinostrebaluger.com\/ca\/wp-json\/wp\/v2\/pages\/864\/revisions\/898"}],"wp:attachment":[{"href":"https:\/\/vecinostrebaluger.com\/ca\/wp-json\/wp\/v2\/media?parent=864"}],"curies":[{"name":"wp","href":"https:\/\/api.w.org\/{rel}","templated":true}]}}